{"id":5640,"date":"2017-12-13T13:22:45","date_gmt":"2017-12-13T12:22:45","guid":{"rendered":"http:\/\/campano.salesianos.edu\/colegio\/?page_id=5640"},"modified":"2023-10-19T13:43:06","modified_gmt":"2023-10-19T11:43:06","slug":"delegados-1o-fpb","status":"publish","type":"page","link":"https:\/\/campano.salesianos.edu\/colegio\/delegados-1o-fpb\/","title":{"rendered":"Delegados 1\u00ba FPB"},"content":{"rendered":"<div id=\"fb-root\"><\/div>\n<p>[et_pb_section fb_built=\u00bb1&#8243; fullwidth=\u00bbon\u00bb _builder_version=\u00bb4.16&#8243; da_disable_devices=\u00bboff|off|off\u00bb global_colors_info=\u00bb{}\u00bb da_is_popup=\u00bboff\u00bb da_exit_intent=\u00bboff\u00bb da_has_close=\u00bbon\u00bb da_alt_close=\u00bboff\u00bb da_dark_close=\u00bboff\u00bb da_not_modal=\u00bbon\u00bb da_is_singular=\u00bboff\u00bb da_with_loader=\u00bboff\u00bb da_has_shadow=\u00bbon\u00bb][et_pb_fullwidth_header title=\u00bbDelegados 1\u00ba C. F. G. B.\u00bb title_font_color=\u00bb#ffffff\u00bb module_class=\u00bbpagina-imagen-cabecera\u00bb _builder_version=\u00bb4.22.2&#8243; title_font_size=\u00bb40px\u00bb background_color=\u00bbrgba(255, 255, 255, 0)\u00bb background_image=\u00bbhttps:\/\/inspectoria.salesianos.edu\/wp-content\/uploads\/2017\/09\/ImagenPAGINA.jpg\u00bb background_layout=\u00bblight\u00bb max_width_tablet=\u00bb50px\u00bb hover_enabled=\u00bb0&#8243; background_url=\u00bbhttps:\/\/alicante.salesianos.edu\/familiasalesiana\/wp-content\/uploads\/sites\/7\/2017\/04\/Archivo_006.jpeg\u00bb global_colors_info=\u00bb{}\u00bb button_one_text_size__hover_enabled=\u00bboff\u00bb button_two_text_size__hover_enabled=\u00bboff\u00bb button_one_text_color__hover_enabled=\u00bboff\u00bb button_two_text_color__hover_enabled=\u00bboff\u00bb button_one_border_width__hover_enabled=\u00bboff\u00bb button_two_border_width__hover_enabled=\u00bboff\u00bb button_one_border_color__hover_enabled=\u00bboff\u00bb button_two_border_color__hover_enabled=\u00bboff\u00bb button_one_border_radius__hover_enabled=\u00bboff\u00bb button_two_border_radius__hover_enabled=\u00bboff\u00bb button_one_letter_spacing__hover_enabled=\u00bboff\u00bb button_two_letter_spacing__hover_enabled=\u00bboff\u00bb button_one_bg_color__hover_enabled=\u00bboff\u00bb button_two_bg_color__hover_enabled=\u00bboff\u00bb sticky_enabled=\u00bb0&#8243;][\/et_pb_fullwidth_header][\/et_pb_section][et_pb_section fb_built=\u00bb1&#8243; module_class=\u00bbpagina-seccion-contenido\u00bb _builder_version=\u00bb4.16&#8243; custom_padding=\u00bb-4%|||\u00bb da_disable_devices=\u00bboff|off|off\u00bb global_colors_info=\u00bb{}\u00bb da_is_popup=\u00bboff\u00bb da_exit_intent=\u00bboff\u00bb da_has_close=\u00bbon\u00bb da_alt_close=\u00bboff\u00bb da_dark_close=\u00bboff\u00bb da_not_modal=\u00bbon\u00bb da_is_singular=\u00bboff\u00bb da_with_loader=\u00bboff\u00bb da_has_shadow=\u00bbon\u00bb][et_pb_row module_class=\u00bbpagina-texto\u00bb _builder_version=\u00bb4.16&#8243; background_size=\u00bbinitial\u00bb background_position=\u00bbtop_left\u00bb background_repeat=\u00bbrepeat\u00bb custom_margin=\u00bb25px|||\u00bb custom_padding=\u00bb25px|||\u00bb global_colors_info=\u00bb{}\u00bb][et_pb_column type=\u00bb4_4&#8243; _builder_version=\u00bb4.16&#8243; custom_padding=\u00bb|||\u00bb global_colors_info=\u00bb{}\u00bb custom_padding__hover=\u00bb|||\u00bb][et_pb_text _builder_version=\u00bb4.22.2&#8243; background_size=\u00bbinitial\u00bb background_position=\u00bbtop_left\u00bb background_repeat=\u00bbrepeat\u00bb hover_enabled=\u00bb0&#8243; global_colors_info=\u00bb{}\u00bb sticky_enabled=\u00bb0&#8243;]<\/p>\n<h1>Delegados 1\u00ba C.F. G. B.<\/h1>\n<p>[\/et_pb_text][et_pb_text _builder_version=\u00bb4.16&#8243; global_colors_info=\u00bb{}\u00bb]<\/p>\n<ul>\n<li>Asistir a las reuniones de la Junta de Delegados y participar en sus deliberaciones.<\/li>\n<li>Exponer a los \u00f3rganos de gobierno y de coordinaci\u00f3n did\u00e1ctica las sugerencias del grupo al que representan.<\/li>\n<li>Fomentar la convivencia entre los alumnos de su grupo.<\/li>\n<li>Colaborar con el tutor, los profesores y \u00f3rganos de gobierno para el buen funcionamiento del centro.<\/li>\n<li>Otras funciones que se deriven de lo expresado en el reglamento.<\/li>\n<\/ul>\n<p>[\/et_pb_text][\/et_pb_column][\/et_pb_row][et_pb_row column_structure=\u00bb1_4,1_4,1_4,1_4&#8243; _builder_version=\u00bb4.16&#8243; global_colors_info=\u00bb{}\u00bb][et_pb_column type=\u00bb1_4&#8243; _builder_version=\u00bb4.16&#8243; custom_padding=\u00bb|||\u00bb global_colors_info=\u00bb{}\u00bb custom_padding__hover=\u00bb|||\u00bb][et_pb_image src=\u00bbhttp:\/\/campano.salesianos.edu\/colegio\/wp-content\/uploads\/sites\/2\/2023\/10\/Jose-Maria-Ruiz-Parazuelo_Delgado-de-clase.jpeg\u00bb title_text=\u00bbJose\u0301 Mari\u0301a Rui\u0301z Parazuelo_Delgado de clase\u00bb _builder_version=\u00bb4.22.2&#8243; animation_style=\u00bbslide\u00bb animation_direction=\u00bbleft\u00bb animation_duration=\u00bb500ms\u00bb animation_intensity_slide=\u00bb10%\u00bb hover_enabled=\u00bb0&#8243; always_center_on_mobile=\u00bboff\u00bb global_colors_info=\u00bb{}\u00bb sticky_enabled=\u00bb0&#8243;][\/et_pb_image][et_pb_text _builder_version=\u00bb4.22.2&#8243; hover_enabled=\u00bb0&#8243; global_colors_info=\u00bb{}\u00bb sticky_enabled=\u00bb0&#8243;]<\/p>\n<p>Jos\u00e9 Mar\u00eda Ru\u00edz Parazuelo<\/p>\n<ul>\n<li>Delegado<\/li>\n<\/ul>\n<p>[\/et_pb_text][\/et_pb_column][et_pb_column type=\u00bb1_4&#8243; _builder_version=\u00bb4.16&#8243; custom_padding=\u00bb|||\u00bb global_colors_info=\u00bb{}\u00bb custom_padding__hover=\u00bb|||\u00bb][et_pb_image src=\u00bbhttp:\/\/campano.salesianos.edu\/colegio\/wp-content\/uploads\/sites\/2\/2023\/10\/Agustin-Heredia-Garcia_Subdelegado-de-clase-y-Subdelegado-de-pastoral.jpeg\u00bb title_text=\u00bbAgusti\u0301n Heredia Garci\u0301a_Subdelegado de clase y Subdelegado de pastoral\u00bb _builder_version=\u00bb4.22.2&#8243; animation_style=\u00bbslide\u00bb animation_direction=\u00bbleft\u00bb animation_duration=\u00bb500ms\u00bb animation_intensity_slide=\u00bb10%\u00bb hover_enabled=\u00bb0&#8243; always_center_on_mobile=\u00bboff\u00bb global_colors_info=\u00bb{}\u00bb sticky_enabled=\u00bb0&#8243;][\/et_pb_image][et_pb_text _builder_version=\u00bb4.22.2&#8243; hover_enabled=\u00bb0&#8243; global_colors_info=\u00bb{}\u00bb sticky_enabled=\u00bb0&#8243;]<\/p>\n<p>Agust\u00edn Heredia<\/p>\n<ul>\n<li>Subdelegado<\/li>\n<\/ul>\n<p>[\/et_pb_text][\/et_pb_column][et_pb_column type=\u00bb1_4&#8243; _builder_version=\u00bb4.16&#8243; custom_padding=\u00bb|||\u00bb global_colors_info=\u00bb{}\u00bb custom_padding__hover=\u00bb|||\u00bb][et_pb_image src=\u00bbhttp:\/\/campano.salesianos.edu\/colegio\/wp-content\/uploads\/sites\/2\/2023\/10\/Jesus-Jimenez-Aragon_Delegado-de-Pastoral.jpeg\u00bb title_text=\u00bbJesu\u0301s Jime\u0301nez Arago\u0301n_Delegado de Pastoral\u00bb align_tablet=\u00bbcenter\u00bb align_phone=\u00bbcenter\u00bb align_last_edited=\u00bbon|desktop\u00bb _builder_version=\u00bb4.22.2&#8243; hover_enabled=\u00bb0&#8243; always_center_on_mobile=\u00bbon\u00bb global_colors_info=\u00bb{}\u00bb sticky_enabled=\u00bb0&#8243;][\/et_pb_image][et_pb_text _builder_version=\u00bb4.22.2&#8243; hover_enabled=\u00bb0&#8243; global_colors_info=\u00bb{}\u00bb sticky_enabled=\u00bb0&#8243;]<\/p>\n<p>Jes\u00fas Jim\u00e9nez Arag\u00f3n<\/p>\n<ul>\n<li>Delegado Pastoral<\/li>\n<\/ul>\n<p>[\/et_pb_text][\/et_pb_column][et_pb_column type=\u00bb1_4&#8243; _builder_version=\u00bb4.16&#8243; custom_padding=\u00bb|||\u00bb global_colors_info=\u00bb{}\u00bb custom_padding__hover=\u00bb|||\u00bb][\/et_pb_column][\/et_pb_row][et_pb_row _builder_version=\u00bb4.16&#8243; global_colors_info=\u00bb{}\u00bb][et_pb_column type=\u00bb4_4&#8243; _builder_version=\u00bb4.16&#8243; custom_padding=\u00bb|||\u00bb global_colors_info=\u00bb{}\u00bb custom_padding__hover=\u00bb|||\u00bb][et_pb_divider show_divider=\u00bboff\u00bb disabled_on=\u00bbon|on|off\u00bb _builder_version=\u00bb4.16&#8243; global_colors_info=\u00bb{}\u00bb][\/et_pb_divider][\/et_pb_column][\/et_pb_row][\/et_pb_section]<\/p>\n<!-- AddThis Advanced Settings generic via filter on the_content --><!-- AddThis Share Buttons generic via filter on the_content -->","protected":false},"excerpt":{"rendered":"<p><!-- AddThis Advanced Settings generic via filter on the_excerpt --><!-- AddThis Share Buttons generic via filter on the_excerpt --><\/p>\n","protected":false},"author":3,"featured_media":0,"parent":0,"menu_order":0,"comment_status":"closed","ping_status":"closed","template":"","meta":{"_et_pb_use_builder":"on","_et_pb_old_content":"","_et_gb_content_width":"","footnotes":""},"class_list":["post-5640","page","type-page","status-publish","hentry"],"yoast_head":"<!-- This site is optimized with the Yoast SEO plugin v28.3 - https:\/\/yoast.com\/product\/yoast-seo-wordpress\/ -->\n<title>Delegados 1\u00ba FPB - Colegio<\/title>\n<meta name=\"robots\" content=\"index, follow, max-snippet:-1, max-image-preview:large, max-video-preview:-1\" \/>\n<link rel=\"canonical\" href=\"https:\/\/campano.salesianos.edu\/colegio\/delegados-1o-fpb\/\" \/>\n<meta property=\"og:locale\" content=\"es_ES\" \/>\n<meta property=\"og:type\" content=\"article\" \/>\n<meta property=\"og:title\" content=\"Delegados 1\u00ba FPB - Colegio\" \/>\n<meta property=\"og:url\" content=\"https:\/\/campano.salesianos.edu\/colegio\/delegados-1o-fpb\/\" \/>\n<meta property=\"og:site_name\" content=\"Colegio\" \/>\n<meta property=\"article:modified_time\" content=\"2023-10-19T11:43:06+00:00\" \/>\n<meta name=\"twitter:card\" content=\"summary_large_image\" \/>\n<meta name=\"twitter:label1\" content=\"Tiempo de lectura\" \/>\n\t<meta name=\"twitter:data1\" content=\"2 minutos\" \/>\n<script type=\"application\/ld+json\" class=\"yoast-schema-graph\">{\"@context\":\"https:\\\/\\\/schema.org\",\"@graph\":[{\"@type\":\"WebPage\",\"@id\":\"https:\\\/\\\/campano.salesianos.edu\\\/colegio\\\/delegados-1o-fpb\\\/\",\"url\":\"https:\\\/\\\/campano.salesianos.edu\\\/colegio\\\/delegados-1o-fpb\\\/\",\"name\":\"Delegados 1\u00ba FPB - Colegio\",\"isPartOf\":{\"@id\":\"https:\\\/\\\/campano.salesianos.edu\\\/colegio\\\/#website\"},\"datePublished\":\"2017-12-13T12:22:45+00:00\",\"dateModified\":\"2023-10-19T11:43:06+00:00\",\"breadcrumb\":{\"@id\":\"https:\\\/\\\/campano.salesianos.edu\\\/colegio\\\/delegados-1o-fpb\\\/#breadcrumb\"},\"inLanguage\":\"es\",\"potentialAction\":[{\"@type\":\"ReadAction\",\"target\":[\"https:\\\/\\\/campano.salesianos.edu\\\/colegio\\\/delegados-1o-fpb\\\/\"]}]},{\"@type\":\"BreadcrumbList\",\"@id\":\"https:\\\/\\\/campano.salesianos.edu\\\/colegio\\\/delegados-1o-fpb\\\/#breadcrumb\",\"itemListElement\":[{\"@type\":\"ListItem\",\"position\":1,\"name\":\"Portada\",\"item\":\"https:\\\/\\\/campano.salesianos.edu\\\/colegio\\\/\"},{\"@type\":\"ListItem\",\"position\":2,\"name\":\"Delegados 1\u00ba FPB\"}]},{\"@type\":\"WebSite\",\"@id\":\"https:\\\/\\\/campano.salesianos.edu\\\/colegio\\\/#website\",\"url\":\"https:\\\/\\\/campano.salesianos.edu\\\/colegio\\\/\",\"name\":\"Colegio\",\"description\":\"P\u00e1gina oficial Salesianos Campano\",\"potentialAction\":[{\"@type\":\"SearchAction\",\"target\":{\"@type\":\"EntryPoint\",\"urlTemplate\":\"https:\\\/\\\/campano.salesianos.edu\\\/colegio\\\/?s={search_term_string}\"},\"query-input\":{\"@type\":\"PropertyValueSpecification\",\"valueRequired\":true,\"valueName\":\"search_term_string\"}}],\"inLanguage\":\"es\"}]}<\/script>\n<!-- \/ Yoast SEO plugin. -->","yoast_head_json":{"title":"Delegados 1\u00ba FPB - Colegio","robots":{"index":"index","follow":"follow","max-snippet":"max-snippet:-1","max-image-preview":"max-image-preview:large","max-video-preview":"max-video-preview:-1"},"canonical":"https:\/\/campano.salesianos.edu\/colegio\/delegados-1o-fpb\/","og_locale":"es_ES","og_type":"article","og_title":"Delegados 1\u00ba FPB - Colegio","og_url":"https:\/\/campano.salesianos.edu\/colegio\/delegados-1o-fpb\/","og_site_name":"Colegio","article_modified_time":"2023-10-19T11:43:06+00:00","twitter_card":"summary_large_image","twitter_misc":{"Tiempo de lectura":"2 minutos"},"schema":{"@context":"https:\/\/schema.org","@graph":[{"@type":"WebPage","@id":"https:\/\/campano.salesianos.edu\/colegio\/delegados-1o-fpb\/","url":"https:\/\/campano.salesianos.edu\/colegio\/delegados-1o-fpb\/","name":"Delegados 1\u00ba FPB - Colegio","isPartOf":{"@id":"https:\/\/campano.salesianos.edu\/colegio\/#website"},"datePublished":"2017-12-13T12:22:45+00:00","dateModified":"2023-10-19T11:43:06+00:00","breadcrumb":{"@id":"https:\/\/campano.salesianos.edu\/colegio\/delegados-1o-fpb\/#breadcrumb"},"inLanguage":"es","potentialAction":[{"@type":"ReadAction","target":["https:\/\/campano.salesianos.edu\/colegio\/delegados-1o-fpb\/"]}]},{"@type":"BreadcrumbList","@id":"https:\/\/campano.salesianos.edu\/colegio\/delegados-1o-fpb\/#breadcrumb","itemListElement":[{"@type":"ListItem","position":1,"name":"Portada","item":"https:\/\/campano.salesianos.edu\/colegio\/"},{"@type":"ListItem","position":2,"name":"Delegados 1\u00ba FPB"}]},{"@type":"WebSite","@id":"https:\/\/campano.salesianos.edu\/colegio\/#website","url":"https:\/\/campano.salesianos.edu\/colegio\/","name":"Colegio","description":"P\u00e1gina oficial Salesianos Campano","potentialAction":[{"@type":"SearchAction","target":{"@type":"EntryPoint","urlTemplate":"https:\/\/campano.salesianos.edu\/colegio\/?s={search_term_string}"},"query-input":{"@type":"PropertyValueSpecification","valueRequired":true,"valueName":"search_term_string"}}],"inLanguage":"es"}]}},"_links":{"self":[{"href":"https:\/\/campano.salesianos.edu\/colegio\/wp-json\/wp\/v2\/pages\/5640","targetHints":{"allow":["GET"]}}],"collection":[{"href":"https:\/\/campano.salesianos.edu\/colegio\/wp-json\/wp\/v2\/pages"}],"about":[{"href":"https:\/\/campano.salesianos.edu\/colegio\/wp-json\/wp\/v2\/types\/page"}],"author":[{"embeddable":true,"href":"https:\/\/campano.salesianos.edu\/colegio\/wp-json\/wp\/v2\/users\/3"}],"replies":[{"embeddable":true,"href":"https:\/\/campano.salesianos.edu\/colegio\/wp-json\/wp\/v2\/comments?post=5640"}],"version-history":[{"count":9,"href":"https:\/\/campano.salesianos.edu\/colegio\/wp-json\/wp\/v2\/pages\/5640\/revisions"}],"predecessor-version":[{"id":7740,"href":"https:\/\/campano.salesianos.edu\/colegio\/wp-json\/wp\/v2\/pages\/5640\/revisions\/7740"}],"wp:attachment":[{"href":"https:\/\/campano.salesianos.edu\/colegio\/wp-json\/wp\/v2\/media?parent=5640"}],"curies":[{"name":"wp","href":"https:\/\/api.w.org\/{rel}","templated":true}]}}